{"id":1366,"date":"2019-08-27T09:44:16","date_gmt":"2019-08-27T08:44:16","guid":{"rendered":"http:\/\/wordpress.human-wildlife.info\/?page_id=1366"},"modified":"2019-08-27T13:03:18","modified_gmt":"2019-08-27T12:03:18","slug":"literatur","status":"publish","type":"page","link":"http:\/\/wordpress.human-wildlife.info\/?page_id=1366","title":{"rendered":"Literatur"},"content":{"rendered":"\n<h4>Downloads<\/h4>\n\n\n\n<p><a href=\"http:\/\/wordpress.derwegderwoelfe.de\/wp-content\/uploads\/2013\/12\/Natura-2000.pdf\">Natura 2000<\/a> (Natura 2000 Richtlinien der EU)<\/p>\n\n\n\n<p><a rel=\"noreferrer noopener\" href=\"http:\/\/www.wwf.de\/fileadmin\/fm-wwf\/Publikationen-PDF\/WWF_Wolf-Report.pdf\" target=\"_blank\">Lernen mit dem Wolf zu leben<\/a> (Autoren: Peter S\u00fcrth, Christine Miller, Janosch Arnold) <\/p>\n\n\n\n<div class=\"wp-block-image\"><figure class=\"aligncenter is-resized\"><img loading=\"lazy\" src=\"http:\/\/wordpress.human-wildlife.info\/wp-content\/uploads\/2019\/08\/image.png\" alt=\"\" class=\"wp-image-1370\" width=\"106\" height=\"140\"\/><\/figure><\/div>\n\n\n\n<p><a href=\"http:\/\/www.umweltstiftung.com\/projekte\/bayern-wild\/lehrmaterial-wolf\/\">Lehrmaterial Wolf<\/a> (Autoren: Peter S\u00fcrth, mit Erg\u00e4nzungen von Stefanie Morbach, Claus Obermeier) <\/p>\n\n\n\n<div class=\"wp-block-image\"><figure class=\"aligncenter is-resized\"><a href=\"http:\/\/www.umweltstiftung.com\/projekte\/bayern-wild\/lehrmaterial-wolf\/\"><img loading=\"lazy\" src=\"http:\/\/wordpress.derwegderwoelfe.de\/wp-content\/uploads\/2013\/08\/Cover-Wolfsheft-212x300.jpg\" alt=\"\" class=\"wp-image-1657\" width=\"106\" height=\"150\"\/><\/a><\/figure><\/div>\n\n\n\n<p><a href=\"http:\/\/www.derwegderwoelfe.de\/Dokumente\/wolfattack.pdf\">\u201eWolfsattack\u201c<\/a> Ergebnisse einer Studie \u00fcber Angriffe von W\u00f6lfen auf Menschen. (nur in englisch)<\/p>\n\n\n\n<p>Lehrmaterial Luchs ( Autoren: Peter S\u00fcrth, mit Erg\u00e4nzungen von Franziska Bauer und Claus Obermeier)<\/p>\n\n\n\n<div class=\"wp-block-image\"><figure class=\"aligncenter is-resized\"><img loading=\"lazy\" src=\"http:\/\/wordpress.human-wildlife.info\/wp-content\/uploads\/2019\/08\/grafik.png\" alt=\"\" class=\"wp-image-1378\" width=\"106\" height=\"227\"\/><\/figure><\/div>\n","protected":false},"excerpt":{"rendered":"<p>Downloads Natura 2000 (Natura 2000 Richtlinien der EU) Lernen mit dem Wolf zu leben (Autoren: Peter S\u00fcrth, Christine Miller, Janosch Arnold) Lehrmaterial Wolf (Autoren: Peter S\u00fcrth, mit Erg\u00e4nzungen von Stefanie Morbach, Claus Obermeier) \u201eWolfsattack\u201c Ergebnisse einer Studie \u00fcber Angriffe von W\u00f6lfen auf Menschen. (nur in englisch) Lehrmaterial Luchs ( Autoren:weiterlesen <a class=\"continue-reading-link\" href=\"http:\/\/wordpress.human-wildlife.info\/?page_id=1366\"> Continue reading <span class=\"meta-nav\">&rarr; <\/span><\/a><\/p>\n","protected":false},"author":1,"featured_media":0,"parent":0,"menu_order":0,"comment_status":"closed","ping_status":"closed","template":"","meta":[],"_links":{"self":[{"href":"http:\/\/wordpress.human-wildlife.info\/index.php?rest_route=\/wp\/v2\/pages\/1366"}],"collection":[{"href":"http:\/\/wordpress.human-wildlife.info\/index.php?rest_route=\/wp\/v2\/pages"}],"about":[{"href":"http:\/\/wordpress.human-wildlife.info\/index.php?rest_route=\/wp\/v2\/types\/page"}],"author":[{"embeddable":true,"href":"http:\/\/wordpress.human-wildlife.info\/index.php?rest_route=\/wp\/v2\/users\/1"}],"replies":[{"embeddable":true,"href":"http:\/\/wordpress.human-wildlife.info\/index.php?rest_route=%2Fwp%2Fv2%2Fcomments&post=1366"}],"version-history":[{"count":18,"href":"http:\/\/wordpress.human-wildlife.info\/index.php?rest_route=\/wp\/v2\/pages\/1366\/revisions"}],"predecessor-version":[{"id":1394,"href":"http:\/\/wordpress.human-wildlife.info\/index.php?rest_route=\/wp\/v2\/pages\/1366\/revisions\/1394"}],"wp:attachment":[{"href":"http:\/\/wordpress.human-wildlife.info\/index.php?rest_route=%2Fwp%2Fv2%2Fmedia&parent=1366"}],"curies":[{"name":"wp","href":"https:\/\/api.w.org\/{rel}","templated":true}]}}