{"id":115,"date":"2012-12-03T21:06:41","date_gmt":"2012-12-03T20:06:41","guid":{"rendered":"http:\/\/localhost\/wordpress\/?page_id=115"},"modified":"2019-08-28T10:59:34","modified_gmt":"2019-08-28T09:59:34","slug":"wolves","status":"publish","type":"page","link":"http:\/\/wordpress.human-wildlife.info\/?page_id=115","title":{"rendered":"Wolves"},"content":{"rendered":"<article id=\"post-99\">\n<header>\n<article id=\"post-100\"><span style=\"color: #000000; font-size: xx-large;\">W\u00f6lfe (Canis Lupus)<\/span><\/article>\n<\/header>\n<\/article>\n<p>Fr\u00fcher haben W\u00f6lfe die gesamte Nordhalbkugel der Erde bewohnt und ganz Europa. Nachdem wir Menschen viele Jahrtausende mit den W\u00f6lfen gelebt haben, haben wir es insbesondere in den letzten 300 Jahren geschafft die W\u00f6lfe in vielen Regionen Europas und weltweit auszurotten. Ganz schlicht und sachlich ausgedr\u00fcckt: die W\u00f6lfe haben uns gest\u00f6rt. Seit einigen Jahrzehnten sind die W\u00f6lfe in den meisten europ\u00e4ischen L\u00e4ndern sehr streng gesch\u00fctzt. In Folge dessen konnten sich die Restbest\u00e4nde erholen und breiten sich derzeit wieder aus. F\u00fcr uns soll es hier keine Rolle spielen, ob sich jemand dar\u00fcber freut oder nicht. Fakt ist, dass die W\u00f6lfe sich gro\u00dffl\u00e4chig ausbreiten und verh\u00e4ltnism\u00e4\u00dfig schnell. Fakt ist auch, dass die W\u00f6lfe sehr anpassungsf\u00e4hig sind und in einer Kulturlandschaft relativ gut zurecht kommen k\u00f6nnen, insofern ausreichend Nahrung und Versteckm\u00f6glichkeiten vorhanden sind. Das ist in den st\u00e4rker bewaldeten Regionen im Flachland, im H\u00fcgelland und im Gebirge der Fall. Konflikte sind vorprogrammiert. Wir alle werden lernen m\u00fcssen den Lebensraum Europa gro\u00dffl\u00e4chig mit W\u00f6lfen wieder zu teilen.<\/p>\n<p align=\"left\"><strong><span style=\"color: #000000; font-size: x-large;\"><a href=\"http:\/\/wordpress.human-wildlife.info\/?page_id=260\">Steckbrief<\/a><\/span><\/strong><\/p>\n<p align=\"left\"><strong><span style=\"color: #000000; font-size: x-large;\"><a href=\"http:\/\/wordpress.human-wildlife.info\/?page_id=251\">Verbreitung<\/a><\/span><\/strong><\/p>\n<p align=\"left\"><strong><span style=\"color: #000000; font-size: x-large;\"><a href=\"http:\/\/wordpress.human-wildlife.info\/?page_id=271\">Konflikte und L\u00f6sungsans\u00e4tze<\/a><\/span><\/strong><\/p>\n<p align=\"left\"><strong><span style=\"color: #000000; font-size: x-large;\">Bilder<\/span><\/strong><\/p>\n<p align=\"left\"><strong><span style=\"color: #000000; font-size: x-large;\">Videos<\/span><\/strong><\/p>\n<p align=\"left\"><strong><span style=\"color: #000000; font-size: x-large;\">Literatur<\/span><\/strong><\/p>\n<p align=\"left\"><strong><span style=\"color: #000000; font-size: x-large;\">Links<\/span><\/strong><\/p>\n","protected":false},"excerpt":{"rendered":"<p>W\u00f6lfe (Canis Lupus) Fr\u00fcher haben W\u00f6lfe die gesamte Nordhalbkugel der Erde bewohnt und ganz Europa. Nachdem wir Menschen viele Jahrtausende mit den W\u00f6lfen gelebt haben, haben wir es insbesondere in den letzten 300 Jahren geschafft die W\u00f6lfe in vielen Regionen Europas und weltweit auszurotten. Ganz schlicht und sachlich ausgedr\u00fcckt: dieweiterlesen <a class=\"continue-reading-link\" href=\"http:\/\/wordpress.human-wildlife.info\/?page_id=115\"> Continue reading <span class=\"meta-nav\">&rarr; <\/span><\/a><\/p>\n","protected":false},"author":1,"featured_media":0,"parent":0,"menu_order":0,"comment_status":"closed","ping_status":"closed","template":"","meta":[],"_links":{"self":[{"href":"http:\/\/wordpress.human-wildlife.info\/index.php?rest_route=\/wp\/v2\/pages\/115"}],"collection":[{"href":"http:\/\/wordpress.human-wildlife.info\/index.php?rest_route=\/wp\/v2\/pages"}],"about":[{"href":"http:\/\/wordpress.human-wildlife.info\/index.php?rest_route=\/wp\/v2\/types\/page"}],"author":[{"embeddable":true,"href":"http:\/\/wordpress.human-wildlife.info\/index.php?rest_route=\/wp\/v2\/users\/1"}],"replies":[{"embeddable":true,"href":"http:\/\/wordpress.human-wildlife.info\/index.php?rest_route=%2Fwp%2Fv2%2Fcomments&post=115"}],"version-history":[{"count":5,"href":"http:\/\/wordpress.human-wildlife.info\/index.php?rest_route=\/wp\/v2\/pages\/115\/revisions"}],"predecessor-version":[{"id":1445,"href":"http:\/\/wordpress.human-wildlife.info\/index.php?rest_route=\/wp\/v2\/pages\/115\/revisions\/1445"}],"wp:attachment":[{"href":"http:\/\/wordpress.human-wildlife.info\/index.php?rest_route=%2Fwp%2Fv2%2Fmedia&parent=115"}],"curies":[{"name":"wp","href":"https:\/\/api.w.org\/{rel}","templated":true}]}}